{"id":873,"date":"2024-06-05T13:44:34","date_gmt":"2024-06-05T11:44:34","guid":{"rendered":"https:\/\/www.animakids.lu\/?page_id=873"},"modified":"2025-06-05T15:27:58","modified_gmt":"2025-06-05T13:27:58","slug":"animations","status":"publish","type":"page","link":"https:\/\/www.animakids.lu\/index.php\/animations\/","title":{"rendered":"ANIMATIONS"},"content":{"rendered":"\t\t<div data-elementor-type=\"wp-page\" data-elementor-id=\"873\" class=\"elementor elementor-873\">\n\t\t\t\t\t\t<section class=\"elementor-section elementor-top-section elementor-element elementor-element-247c60b7 elementor-section-boxed elementor-section-height-default elementor-section-height-default\" data-id=\"247c60b7\" data-element_type=\"section\">\n\t\t\t\t\t\t<div class=\"elementor-container elementor-column-gap-default\">\n\t\t\t\t\t<div class=\"elementor-column elementor-col-100 elementor-top-column elementor-element elementor-element-5293adc1\" data-id=\"5293adc1\" data-element_type=\"column\">\n\t\t\t<div class=\"elementor-widget-wrap elementor-element-populated\">\n\t\t\t\t\t\t<div class=\"elementor-element elementor-element-15155624 elementor-widget elementor-widget-text-editor\" data-id=\"15155624\" data-element_type=\"widget\" data-widget_type=\"text-editor.default\">\n\t\t\t\t<div class=\"elementor-widget-container\">\n\t\t\t\t\t\t\t<!-- wp:paragraph -->\n<p>Bienvenue chez Animakids, votre agence \u00e9v\u00e9nementielle sp\u00e9cialis\u00e9e dans la cr\u00e9ation d\u2019\u00e9v\u00e9nements magiques et inoubliables pour les enfants. Nous savons \u00e0 quel point les moments sp\u00e9ciaux m\u00e9ritent d&rsquo;\u00eatre c\u00e9l\u00e9br\u00e9s de mani\u00e8re unique et m\u00e9morable.<\/p>\n<!-- \/wp:paragraph --><!-- wp:paragraph -->\n<p>C&rsquo;est pourquoi nous proposons une gamme de services diversifi\u00e9s pour animer vos f\u00eates et \u00e9merveiller les petits et les grands.<\/p>\n<!-- \/wp:paragraph --><!-- wp:paragraph -->\n<p>De la magie captivante aux sculptures de ballons fantaisistes, en passant par des maquillages artistiques et des caricatures amusantes, Animakids transforme chaque occasion en une exp\u00e9rience extraordinaire. D\u00e9couvrez nos services et pr\u00e9parez-vous \u00e0 vivre des instants magiques !<\/p>\n<!-- \/wp:paragraph --><!-- wp:spacer -->\n<div class=\"wp-block-spacer\" style=\"height: 100px;\" aria-hidden=\"true\">\u00a0<\/div>\n<!-- \/wp:spacer --><!-- wp:media-text {\"mediaId\":874,\"mediaLink\":\"https:\/\/www.animakids.lu\/?attachment_id=874\",\"mediaType\":\"image\",\"imageFill\":true,\"style\":{\"color\":{\"background\":\"#f3d6aa\"}}} -->\n<div class=\"wp-block-media-text is-stacked-on-mobile is-image-fill has-background\" style=\"background-color: #f3d6aa;\">\n<figure class=\"wp-block-media-text__media\" style=\"background-image: url('https:\/\/www.animakids.lu\/wp-content\/uploads\/2024\/06\/big-small_16_08122020_CFD-Grimage-pour-enfants-Photo16-1.jpg'); background-position: 50% 50%;\"><img fetchpriority=\"high\" decoding=\"async\" class=\"alignnone wp-image-874 size-full\" src=\"https:\/\/www.animakids.lu\/wp-content\/uploads\/2024\/06\/big-small_16_08122020_CFD-Grimage-pour-enfants-Photo16-1.jpg\" alt=\"Enfant maquill\u00e9 en papillon color\u00e9 lors d'une animation maquillage pour anniversaire ou garden party au Luxembourg\" width=\"590\" height=\"394\" srcset=\"https:\/\/www.animakids.lu\/wp-content\/uploads\/2024\/06\/big-small_16_08122020_CFD-Grimage-pour-enfants-Photo16-1.jpg 590w, https:\/\/www.animakids.lu\/wp-content\/uploads\/2024\/06\/big-small_16_08122020_CFD-Grimage-pour-enfants-Photo16-1-300x200.jpg 300w\" sizes=\"(max-width: 590px) 100vw, 590px\" \/><\/figure>\n<div class=\"wp-block-media-text__content\"><!-- wp:paragraph -->\n<p>\u00a0<\/p>\n<!-- \/wp:paragraph --><!-- wp:heading {\"textAlign\":\"center\",\"level\":3} -->\n<h3 class=\"wp-block-heading has-text-align-center\">Maquillage<\/h3>\n<!-- \/wp:heading --><!-- wp:paragraph -->\n<p>Ajoutez une touche de couleur et de magie \u00e0 vos \u00e9v\u00e9nements avec notre service de maquillage pour enfants.<\/p>\n<!-- \/wp:paragraph --><!-- wp:paragraph -->\n<p>Nos artistes talentueux transforment les visages des petits en v\u00e9ritables \u0153uvres d&rsquo;art, que ce soit en super-h\u00e9ros, en animaux adorables ou en personnages fantastiques.<\/p>\n<!-- \/wp:paragraph --><!-- wp:paragraph -->\n<p>Utilisant des produits de haute qualit\u00e9 et hypoallerg\u00e9niques, nous garantissons une exp\u00e9rience s\u00e9curis\u00e9e et amusante.<\/p>\n<!-- \/wp:paragraph --><!-- wp:paragraph -->\n<p>Laissez vos enfants se m\u00e9tamorphoser et voir leurs r\u00eaves se r\u00e9aliser avec nos maquillages \u00e9blouissants !<\/p>\n<!-- \/wp:paragraph --><!-- wp:buttons {\"layout\":{\"type\":\"flex\",\"justifyContent\":\"center\"}} -->\n<div class=\"wp-block-buttons\"><!-- wp:button -->\n<div class=\"wp-block-button\"><a class=\"wp-block-button__link wp-element-button\" href=\"https:\/\/www.animakids.lu\/index.php\/contact\/\">Contactez-nous<\/a><\/div>\n<!-- \/wp:button --><\/div>\n<!-- \/wp:buttons --><!-- wp:paragraph -->\n<p>\u00a0<\/p>\n<!-- \/wp:paragraph --><\/div>\n<\/div>\n<!-- \/wp:media-text --><!-- wp:media-text {\"mediaPosition\":\"right\",\"mediaId\":875,\"mediaLink\":\"https:\/\/www.animakids.lu\/?attachment_id=875\",\"mediaType\":\"image\",\"style\":{\"color\":{\"background\":\"#f3d6aa\"}}} -->\n<div class=\"wp-block-media-text has-media-on-the-right is-stacked-on-mobile has-background\" style=\"background-color: #f3d6aa;\">\n<div class=\"wp-block-media-text__content\"><!-- wp:heading {\"textAlign\":\"center\",\"level\":3} -->\n<h3 class=\"wp-block-heading has-text-align-center\">Sculpteur de Ballons<\/h3>\n<!-- \/wp:heading --><!-- wp:paragraph -->\n<p>\u00c9merveillez vos invit\u00e9s avec les cr\u00e9ations surprenantes de nos sculpteurs de ballons.<\/p>\n<!-- \/wp:paragraph --><!-- wp:paragraph -->\n<p>Capables de transformer de simples ballons en animaux, fleurs, chapeaux et bien plus encore, nos artistes apportent une dimension ludique et color\u00e9e \u00e0 votre \u00e9v\u00e9nement.<\/p>\n<!-- \/wp:paragraph --><!-- wp:paragraph -->\n<p>Chaque sculpture est r\u00e9alis\u00e9e avec pr\u00e9cision et cr\u00e9ativit\u00e9, assurant des souvenirs inoubliables pour tous les participants.<\/p>\n<!-- \/wp:paragraph --><!-- wp:paragraph -->\n<p>Invitez la fantaisie et la joie dans votre f\u00eate avec nos sculptures de ballons uniques et originales.<\/p>\n<!-- \/wp:paragraph --><!-- wp:buttons {\"layout\":{\"type\":\"flex\",\"justifyContent\":\"center\"}} -->\n<div class=\"wp-block-buttons\"><!-- wp:button -->\n<div class=\"wp-block-button\"><a class=\"wp-block-button__link wp-element-button\" href=\"https:\/\/www.animakids.lu\/index.php\/contact\/\">Contactez-nous<\/a><\/div>\n<!-- \/wp:button --><\/div>\n<!-- \/wp:buttons --><\/div>\n<figure class=\"wp-block-media-text__media\"><img decoding=\"async\" class=\"alignnone wp-image-875 size-full\" src=\"https:\/\/www.animakids.lu\/wp-content\/uploads\/2024\/06\/artiste-sculpteur-de-ballons-1.jpg\" alt=\"Artiste sculpteur de ballons cr\u00e9ant une fleur rose pendant une f\u00eate d'anniversaire ou une kermesse au Luxembourg\" width=\"400\" height=\"399\" srcset=\"https:\/\/www.animakids.lu\/wp-content\/uploads\/2024\/06\/artiste-sculpteur-de-ballons-1.jpg 400w, https:\/\/www.animakids.lu\/wp-content\/uploads\/2024\/06\/artiste-sculpteur-de-ballons-1-300x300.jpg 300w, https:\/\/www.animakids.lu\/wp-content\/uploads\/2024\/06\/artiste-sculpteur-de-ballons-1-150x150.jpg 150w\" sizes=\"(max-width: 400px) 100vw, 400px\" \/><\/figure>\n<\/div>\n<!-- \/wp:media-text --><!-- wp:media-text {\"mediaId\":876,\"mediaLink\":\"https:\/\/www.animakids.lu\/?attachment_id=876\",\"mediaType\":\"image\",\"imageFill\":true,\"style\":{\"color\":{\"background\":\"#f3d6aa\"}}} -->\n<div class=\"wp-block-media-text is-stacked-on-mobile is-image-fill has-background\" style=\"background-color: #f3d6aa;\">\n<figure class=\"wp-block-media-text__media\" style=\"background-image: url('https:\/\/www.animakids.lu\/wp-content\/uploads\/2024\/06\/portrait-handsome-magician-black-suit-showing-trick-with-playing-cards-dark-background-1024x713.jpg'); background-position: 50% 50%;\"><img decoding=\"async\" class=\"alignnone wp-image-876 size-full\" src=\"https:\/\/www.animakids.lu\/wp-content\/uploads\/2024\/06\/portrait-handsome-magician-black-suit-showing-trick-with-playing-cards-dark-background-scaled.jpg\" alt=\"Magicien r\u00e9alisant un tour de cartes devant des enfants lors d'une animation d'anniversaire ou d'\u00e9v\u00e9nement familial au Luxembourg\" width=\"2560\" height=\"1782\" srcset=\"https:\/\/www.animakids.lu\/wp-content\/uploads\/2024\/06\/portrait-handsome-magician-black-suit-showing-trick-with-playing-cards-dark-background-scaled.jpg 2560w, https:\/\/www.animakids.lu\/wp-content\/uploads\/2024\/06\/portrait-handsome-magician-black-suit-showing-trick-with-playing-cards-dark-background-300x209.jpg 300w, https:\/\/www.animakids.lu\/wp-content\/uploads\/2024\/06\/portrait-handsome-magician-black-suit-showing-trick-with-playing-cards-dark-background-1024x713.jpg 1024w, https:\/\/www.animakids.lu\/wp-content\/uploads\/2024\/06\/portrait-handsome-magician-black-suit-showing-trick-with-playing-cards-dark-background-768x535.jpg 768w, https:\/\/www.animakids.lu\/wp-content\/uploads\/2024\/06\/portrait-handsome-magician-black-suit-showing-trick-with-playing-cards-dark-background-1536x1069.jpg 1536w, https:\/\/www.animakids.lu\/wp-content\/uploads\/2024\/06\/portrait-handsome-magician-black-suit-showing-trick-with-playing-cards-dark-background-2048x1426.jpg 2048w\" sizes=\"(max-width: 2560px) 100vw, 2560px\" \/><\/figure>\n<div class=\"wp-block-media-text__content\"><!-- wp:paragraph -->\n<p>\u00a0<\/p>\n<!-- \/wp:paragraph --><!-- wp:heading {\"textAlign\":\"center\",\"level\":3} -->\n<h3 class=\"wp-block-heading has-text-align-center\">Magicien<\/h3>\n<!-- \/wp:heading --><!-- wp:paragraph -->\n<p>Faites entrer la magie dans votre \u00e9v\u00e9nement gr\u00e2ce \u00e0 notre incroyable magicien.<\/p>\n<!-- \/wp:paragraph --><!-- wp:paragraph -->\n<p>Avec des tours de prestidigitation fascinants, des illusions stup\u00e9fiantes et une interactivit\u00e9 captivante, notre magicien saura \u00e9merveiller petits et grands.<\/p>\n<!-- \/wp:paragraph --><!-- wp:paragraph -->\n<p>Ses spectacles sont con\u00e7us pour captiver l&rsquo;attention, susciter l&rsquo;\u00e9merveillement et cr\u00e9er des souvenirs durables.<\/p>\n<!-- \/wp:paragraph --><!-- wp:paragraph -->\n<p>Pr\u00e9parez-vous \u00e0 un voyage fantastique o\u00f9 l&rsquo;impossible devient possible et o\u00f9 la magie op\u00e8re \u00e0 chaque instant !<\/p>\n<!-- \/wp:paragraph --><!-- wp:buttons {\"layout\":{\"type\":\"flex\",\"justifyContent\":\"center\"}} -->\n<div class=\"wp-block-buttons\"><!-- wp:button -->\n<div class=\"wp-block-button\"><a class=\"wp-block-button__link wp-element-button\" href=\"https:\/\/www.animakids.lu\/index.php\/contact\/\">Contactez-nous<\/a><\/div>\n<!-- \/wp:button --><\/div>\n<!-- \/wp:buttons --><!-- wp:paragraph -->\n<p>\u00a0<\/p>\n<!-- \/wp:paragraph --><\/div>\n<\/div>\n<!-- \/wp:media-text --><!-- wp:media-text {\"mediaPosition\":\"right\",\"mediaId\":288,\"mediaLink\":\"https:\/\/www.animakids.lu\/index.php\/artistes\/caricaturiste-ld\/\",\"mediaType\":\"image\",\"imageFill\":true,\"style\":{\"color\":{\"background\":\"#f3d6aa\"}}} -->\n<div class=\"wp-block-media-text has-media-on-the-right is-stacked-on-mobile is-image-fill has-background\" style=\"background-color: #f3d6aa;\">\n<div class=\"wp-block-media-text__content\"><!-- wp:paragraph -->\n<p>\u00a0<\/p>\n<!-- \/wp:paragraph --><!-- wp:heading {\"textAlign\":\"center\",\"level\":3} -->\n<h3 class=\"wp-block-heading has-text-align-center\">Caricaturiste<\/h3>\n<!-- \/wp:heading --><!-- wp:paragraph -->\n<p>Apportez une touche d&rsquo;humour et d&rsquo;originalit\u00e9 \u00e0 votre f\u00eate avec notre caricaturiste professionnel.<\/p>\n<!-- \/wp:paragraph --><!-- wp:paragraph -->\n<p>Sp\u00e9cialiste de la capture de traits amusants et exag\u00e9r\u00e9s, notre artiste r\u00e9alise des caricatures en direct, offrant \u00e0 vos invit\u00e9s un souvenir unique et personnalis\u00e9.<\/p>\n<!-- \/wp:paragraph --><!-- wp:paragraph -->\n<p>En quelques coups de crayon, il saura saisir l&rsquo;essence de chaque personne, cr\u00e9ant des illustrations qui feront rire et sourire.<\/p>\n<!-- \/wp:paragraph --><!-- wp:paragraph -->\n<p>Transformez votre \u00e9v\u00e9nement en une galerie de portraits humoristiques avec notre service de caricatures !<\/p>\n<!-- \/wp:paragraph --><!-- wp:buttons {\"layout\":{\"type\":\"flex\",\"justifyContent\":\"center\"}} -->\n<div class=\"wp-block-buttons\"><!-- wp:button -->\n<div class=\"wp-block-button\"><a class=\"wp-block-button__link wp-element-button\" href=\"https:\/\/www.animakids.lu\/index.php\/contact\/\">Contactez-nous<\/a><\/div>\n<!-- \/wp:button --><\/div>\n<!-- \/wp:buttons --><!-- wp:paragraph -->\n<p>\u00a0<\/p>\n<!-- \/wp:paragraph --><\/div>\n<figure class=\"wp-block-media-text__media\" style=\"background-image: url('https:\/\/www.animakids.lu\/wp-content\/uploads\/2020\/06\/Caricaturiste-LD-1024x683.jpg'); background-position: 50% 50%;\"><img loading=\"lazy\" decoding=\"async\" class=\"alignnone wp-image-288 size-full\" src=\"https:\/\/www.animakids.lu\/wp-content\/uploads\/2020\/06\/Caricaturiste-LD.jpg\" alt=\"Caricaturiste dessinant un portrait humoristique lors d\u2019une garden party, f\u00eate d\u2019\u00e9cole ou \u00e9v\u00e9nement priv\u00e9 au Luxembourg\" width=\"1382\" height=\"922\" srcset=\"https:\/\/www.animakids.lu\/wp-content\/uploads\/2020\/06\/Caricaturiste-LD.jpg 1382w, https:\/\/www.animakids.lu\/wp-content\/uploads\/2020\/06\/Caricaturiste-LD-300x200.jpg 300w, https:\/\/www.animakids.lu\/wp-content\/uploads\/2020\/06\/Caricaturiste-LD-1024x683.jpg 1024w, https:\/\/www.animakids.lu\/wp-content\/uploads\/2020\/06\/Caricaturiste-LD-768x512.jpg 768w\" sizes=\"(max-width: 1382px) 100vw, 1382px\" \/><\/figure>\n<\/div>\n<!-- \/wp:media-text --><!-- wp:media-text {\"mediaId\":858,\"mediaLink\":\"https:\/\/www.animakids.lu\/index.php\/accueil-2\/peche-aux-canard\/\",\"mediaType\":\"image\",\"imageFill\":true,\"style\":{\"color\":{\"background\":\"#f3d6aa\"}}} -->\n<div class=\"wp-block-media-text is-stacked-on-mobile is-image-fill has-background\" style=\"background-color: #f3d6aa;\">\n<figure class=\"wp-block-media-text__media\" style=\"background-image: url('https:\/\/www.animakids.lu\/wp-content\/uploads\/2024\/06\/peche-aux-canard.jpg'); background-position: 50% 50%;\"><img loading=\"lazy\" decoding=\"async\" class=\"alignnone wp-image-858 size-full\" src=\"https:\/\/www.animakids.lu\/wp-content\/uploads\/2024\/06\/peche-aux-canard.jpg\" alt=\"Enfants jouant \u00e0 la p\u00eache aux canards pendant une f\u00eate d\u2019\u00e9cole, kermesse ou animation d\u2019anniversaire au Luxembourg\" width=\"800\" height=\"632\" srcset=\"https:\/\/www.animakids.lu\/wp-content\/uploads\/2024\/06\/peche-aux-canard.jpg 800w, https:\/\/www.animakids.lu\/wp-content\/uploads\/2024\/06\/peche-aux-canard-300x237.jpg 300w, https:\/\/www.animakids.lu\/wp-content\/uploads\/2024\/06\/peche-aux-canard-768x607.jpg 768w\" sizes=\"(max-width: 800px) 100vw, 800px\" \/><\/figure>\n<div class=\"wp-block-media-text__content\"><!-- wp:paragraph -->\n<p>\u00a0<\/p>\n<!-- \/wp:paragraph --><!-- wp:heading {\"textAlign\":\"center\",\"level\":3} -->\n<h3 class=\"wp-block-heading has-text-align-center\">P\u00eache aux canards<\/h3>\n<!-- \/wp:heading --><!-- wp:paragraph -->\n<p>Ravissez les enfants avec un grand classique des f\u00eates : la p\u00eache aux canards. Simple mais toujours amusante, cette activit\u00e9 garantit des rires et des sourires \u00e0 chaque prise.<\/p>\n<!-- \/wp:paragraph --><!-- wp:paragraph -->\n<p>Les enfants adoreront essayer d\u2019attraper les petits canards flottants avec leurs cannes \u00e0 p\u00eache, et seront r\u00e9compens\u00e9s par des petits cadeaux pour chaque prise r\u00e9ussie.<\/p>\n<!-- \/wp:paragraph --><!-- wp:paragraph -->\n<p>La p\u00eache aux canards est id\u00e9ale pour ajouter une touche ludique et festive \u00e0 votre \u00e9v\u00e9nement, cr\u00e9ant une ambiance joyeuse et d\u00e9tendue.<\/p>\n<!-- \/wp:paragraph --><!-- wp:paragraph -->\n<p>Offrez \u00e0 vos petits invit\u00e9s un moment de bonheur avec notre animation p\u00eache aux canards !<\/p>\n<!-- \/wp:paragraph --><!-- wp:buttons {\"layout\":{\"type\":\"flex\",\"justifyContent\":\"center\"}} -->\n<div class=\"wp-block-buttons\"><!-- wp:button -->\n<div class=\"wp-block-button\"><a class=\"wp-block-button__link wp-element-button\" href=\"https:\/\/www.animakids.lu\/index.php\/contact\/\">Contactez-nous<\/a><\/div>\n<!-- \/wp:button --><\/div>\n<!-- \/wp:buttons --><!-- wp:paragraph -->\n<p>\u00a0<\/p>\n<!-- \/wp:paragraph --><\/div>\n<\/div>\n<!-- \/wp:media-text -->\t\t\t\t\t\t<\/div>\n\t\t\t\t<\/div>\n\t\t\t\t\t<\/div>\n\t\t<\/div>\n\t\t\t\t\t<\/div>\n\t\t<\/section>\n\t\t\t\t<\/div>\n\t\t","protected":false},"excerpt":{"rendered":"<p>Bienvenue chez Animakids, votre agence \u00e9v\u00e9nementielle sp\u00e9cialis\u00e9e dans la cr\u00e9ation d\u2019\u00e9v\u00e9nements magiques et inoubliables pour les enfants. Nous savons \u00e0 quel point les moments sp\u00e9ciaux m\u00e9ritent d&rsquo;\u00eatre c\u00e9l\u00e9br\u00e9s de mani\u00e8re unique et m\u00e9morable. C&rsquo;est pourquoi nous proposons une gamme de services diversifi\u00e9s pour animer vos f\u00eates et \u00e9merveiller les petits et les grands. De la&#8230;<\/p>\n","protected":false},"author":1,"featured_media":0,"parent":0,"menu_order":0,"comment_status":"closed","ping_status":"closed","template":"","meta":{"_kad_post_transparent":"","_kad_post_title":"","_kad_post_layout":"","_kad_post_sidebar_id":"","_kad_post_content_style":"","_kad_post_vertical_padding":"","_kad_post_feature":"","_kad_post_feature_position":"","_kad_post_header":false,"_kad_post_footer":false,"footnotes":""},"yoast_head":"<!-- This site is optimized with the Yoast SEO plugin v22.8 - https:\/\/yoast.com\/wordpress\/plugins\/seo\/ -->\n<title>ANIMATIONS -<\/title>\n<meta name=\"robots\" content=\"index, follow, max-snippet:-1, max-image-preview:large, max-video-preview:-1\" \/>\n<link rel=\"canonical\" href=\"https:\/\/www.animakids.lu\/index.php\/animations\/\" \/>\n<meta property=\"og:locale\" content=\"fr_FR\" \/>\n<meta property=\"og:type\" content=\"article\" \/>\n<meta property=\"og:title\" content=\"ANIMATIONS -\" \/>\n<meta property=\"og:description\" content=\"Bienvenue chez Animakids, votre agence \u00e9v\u00e9nementielle sp\u00e9cialis\u00e9e dans la cr\u00e9ation d\u2019\u00e9v\u00e9nements magiques et inoubliables pour les enfants. Nous savons \u00e0 quel point les moments sp\u00e9ciaux m\u00e9ritent d&rsquo;\u00eatre c\u00e9l\u00e9br\u00e9s de mani\u00e8re unique et m\u00e9morable. C&rsquo;est pourquoi nous proposons une gamme de services diversifi\u00e9s pour animer vos f\u00eates et \u00e9merveiller les petits et les grands. De la...\" \/>\n<meta property=\"og:url\" content=\"https:\/\/www.animakids.lu\/index.php\/animations\/\" \/>\n<meta property=\"article:publisher\" content=\"https:\/\/www.facebook.com\/animakidslu\" \/>\n<meta property=\"article:modified_time\" content=\"2025-06-05T13:27:58+00:00\" \/>\n<meta property=\"og:image\" content=\"https:\/\/www.animakids.lu\/wp-content\/uploads\/2024\/06\/big-small_16_08122020_CFD-Grimage-pour-enfants-Photo16-1.jpg\" \/>\n<meta name=\"twitter:card\" content=\"summary_large_image\" \/>\n<meta name=\"twitter:label1\" content=\"Dur\u00e9e de lecture estim\u00e9e\" \/>\n\t<meta name=\"twitter:data1\" content=\"4 minutes\" \/>\n<script type=\"application\/ld+json\" class=\"yoast-schema-graph\">{\"@context\":\"https:\/\/schema.org\",\"@graph\":[{\"@type\":\"WebPage\",\"@id\":\"https:\/\/www.animakids.lu\/index.php\/animations\/\",\"url\":\"https:\/\/www.animakids.lu\/index.php\/animations\/\",\"name\":\"ANIMATIONS -\",\"isPartOf\":{\"@id\":\"https:\/\/www.animakids.lu\/#website\"},\"primaryImageOfPage\":{\"@id\":\"https:\/\/www.animakids.lu\/index.php\/animations\/#primaryimage\"},\"image\":{\"@id\":\"https:\/\/www.animakids.lu\/index.php\/animations\/#primaryimage\"},\"thumbnailUrl\":\"https:\/\/www.animakids.lu\/wp-content\/uploads\/2024\/06\/big-small_16_08122020_CFD-Grimage-pour-enfants-Photo16-1.jpg\",\"datePublished\":\"2024-06-05T11:44:34+00:00\",\"dateModified\":\"2025-06-05T13:27:58+00:00\",\"breadcrumb\":{\"@id\":\"https:\/\/www.animakids.lu\/index.php\/animations\/#breadcrumb\"},\"inLanguage\":\"fr-FR\",\"potentialAction\":[{\"@type\":\"ReadAction\",\"target\":[\"https:\/\/www.animakids.lu\/index.php\/animations\/\"]}]},{\"@type\":\"ImageObject\",\"inLanguage\":\"fr-FR\",\"@id\":\"https:\/\/www.animakids.lu\/index.php\/animations\/#primaryimage\",\"url\":\"https:\/\/www.animakids.lu\/wp-content\/uploads\/2024\/06\/big-small_16_08122020_CFD-Grimage-pour-enfants-Photo16-1.jpg\",\"contentUrl\":\"https:\/\/www.animakids.lu\/wp-content\/uploads\/2024\/06\/big-small_16_08122020_CFD-Grimage-pour-enfants-Photo16-1.jpg\",\"width\":590,\"height\":394},{\"@type\":\"BreadcrumbList\",\"@id\":\"https:\/\/www.animakids.lu\/index.php\/animations\/#breadcrumb\",\"itemListElement\":[{\"@type\":\"ListItem\",\"position\":1,\"name\":\"Accueil\",\"item\":\"http:\/\/www.animakids.lu\/\"},{\"@type\":\"ListItem\",\"position\":2,\"name\":\"ANIMATIONS\"}]},{\"@type\":\"WebSite\",\"@id\":\"https:\/\/www.animakids.lu\/#website\",\"url\":\"https:\/\/www.animakids.lu\/\",\"name\":\"\",\"description\":\"Make your dreams come true\",\"potentialAction\":[{\"@type\":\"SearchAction\",\"target\":{\"@type\":\"EntryPoint\",\"urlTemplate\":\"https:\/\/www.animakids.lu\/?s={search_term_string}\"},\"query-input\":\"required name=search_term_string\"}],\"inLanguage\":\"fr-FR\"}]}<\/script>\n<!-- \/ Yoast SEO plugin. -->","yoast_head_json":{"title":"ANIMATIONS -","robots":{"index":"index","follow":"follow","max-snippet":"max-snippet:-1","max-image-preview":"max-image-preview:large","max-video-preview":"max-video-preview:-1"},"canonical":"https:\/\/www.animakids.lu\/index.php\/animations\/","og_locale":"fr_FR","og_type":"article","og_title":"ANIMATIONS -","og_description":"Bienvenue chez Animakids, votre agence \u00e9v\u00e9nementielle sp\u00e9cialis\u00e9e dans la cr\u00e9ation d\u2019\u00e9v\u00e9nements magiques et inoubliables pour les enfants. Nous savons \u00e0 quel point les moments sp\u00e9ciaux m\u00e9ritent d&rsquo;\u00eatre c\u00e9l\u00e9br\u00e9s de mani\u00e8re unique et m\u00e9morable. C&rsquo;est pourquoi nous proposons une gamme de services diversifi\u00e9s pour animer vos f\u00eates et \u00e9merveiller les petits et les grands. De la...","og_url":"https:\/\/www.animakids.lu\/index.php\/animations\/","article_publisher":"https:\/\/www.facebook.com\/animakidslu","article_modified_time":"2025-06-05T13:27:58+00:00","og_image":[{"url":"https:\/\/www.animakids.lu\/wp-content\/uploads\/2024\/06\/big-small_16_08122020_CFD-Grimage-pour-enfants-Photo16-1.jpg"}],"twitter_card":"summary_large_image","twitter_misc":{"Dur\u00e9e de lecture estim\u00e9e":"4 minutes"},"schema":{"@context":"https:\/\/schema.org","@graph":[{"@type":"WebPage","@id":"https:\/\/www.animakids.lu\/index.php\/animations\/","url":"https:\/\/www.animakids.lu\/index.php\/animations\/","name":"ANIMATIONS -","isPartOf":{"@id":"https:\/\/www.animakids.lu\/#website"},"primaryImageOfPage":{"@id":"https:\/\/www.animakids.lu\/index.php\/animations\/#primaryimage"},"image":{"@id":"https:\/\/www.animakids.lu\/index.php\/animations\/#primaryimage"},"thumbnailUrl":"https:\/\/www.animakids.lu\/wp-content\/uploads\/2024\/06\/big-small_16_08122020_CFD-Grimage-pour-enfants-Photo16-1.jpg","datePublished":"2024-06-05T11:44:34+00:00","dateModified":"2025-06-05T13:27:58+00:00","breadcrumb":{"@id":"https:\/\/www.animakids.lu\/index.php\/animations\/#breadcrumb"},"inLanguage":"fr-FR","potentialAction":[{"@type":"ReadAction","target":["https:\/\/www.animakids.lu\/index.php\/animations\/"]}]},{"@type":"ImageObject","inLanguage":"fr-FR","@id":"https:\/\/www.animakids.lu\/index.php\/animations\/#primaryimage","url":"https:\/\/www.animakids.lu\/wp-content\/uploads\/2024\/06\/big-small_16_08122020_CFD-Grimage-pour-enfants-Photo16-1.jpg","contentUrl":"https:\/\/www.animakids.lu\/wp-content\/uploads\/2024\/06\/big-small_16_08122020_CFD-Grimage-pour-enfants-Photo16-1.jpg","width":590,"height":394},{"@type":"BreadcrumbList","@id":"https:\/\/www.animakids.lu\/index.php\/animations\/#breadcrumb","itemListElement":[{"@type":"ListItem","position":1,"name":"Accueil","item":"http:\/\/www.animakids.lu\/"},{"@type":"ListItem","position":2,"name":"ANIMATIONS"}]},{"@type":"WebSite","@id":"https:\/\/www.animakids.lu\/#website","url":"https:\/\/www.animakids.lu\/","name":"","description":"Make your dreams come true","potentialAction":[{"@type":"SearchAction","target":{"@type":"EntryPoint","urlTemplate":"https:\/\/www.animakids.lu\/?s={search_term_string}"},"query-input":"required name=search_term_string"}],"inLanguage":"fr-FR"}]}},"_links":{"self":[{"href":"https:\/\/www.animakids.lu\/index.php\/wp-json\/wp\/v2\/pages\/873"}],"collection":[{"href":"https:\/\/www.animakids.lu\/index.php\/wp-json\/wp\/v2\/pages"}],"about":[{"href":"https:\/\/www.animakids.lu\/index.php\/wp-json\/wp\/v2\/types\/page"}],"author":[{"embeddable":true,"href":"https:\/\/www.animakids.lu\/index.php\/wp-json\/wp\/v2\/users\/1"}],"replies":[{"embeddable":true,"href":"https:\/\/www.animakids.lu\/index.php\/wp-json\/wp\/v2\/comments?post=873"}],"version-history":[{"count":7,"href":"https:\/\/www.animakids.lu\/index.php\/wp-json\/wp\/v2\/pages\/873\/revisions"}],"predecessor-version":[{"id":1017,"href":"https:\/\/www.animakids.lu\/index.php\/wp-json\/wp\/v2\/pages\/873\/revisions\/1017"}],"wp:attachment":[{"href":"https:\/\/www.animakids.lu\/index.php\/wp-json\/wp\/v2\/media?parent=873"}],"curies":[{"name":"wp","href":"https:\/\/api.w.org\/{rel}","templated":true}]}}